{"id":9086,"date":"2025-08-15T13:50:28","date_gmt":"2025-08-15T16:50:28","guid":{"rendered":"https:\/\/bikefacil.com\/?page_id=9086"},"modified":"2025-08-21T16:51:10","modified_gmt":"2025-08-21T19:51:10","slug":"imprensa","status":"publish","type":"page","link":"https:\/\/bikefacil.com\/imprensa\/","title":{"rendered":"Imprensa"},"content":{"rendered":"<p><div class=\"fusion-fullwidth fullwidth-box fusion-builder-row-1 fusion-flex-container has-pattern-background has-mask-background nonhundred-percent-fullwidth non-hundred-percent-height-scrolling fusion-no-small-visibility fusion-custom-z-index\" style=\"--awb-border-radius-top-left:0px;--awb-border-radius-top-right:0px;--awb-border-radius-bottom-right:0px;--awb-border-radius-bottom-left:0px;--awb-z-index:1;--awb-padding-top:120px;--awb-padding-bottom:0px;--awb-background-color:var(--awb-color3);--awb-background-size:contain;--awb-flex-wrap:wrap;\" ><div class=\"fusion-builder-row fusion-row fusion-flex-align-items-flex-start fusion-flex-content-wrap\" style=\"max-width:1318.4px;margin-left: calc(-3% \/ 2 );margin-right: calc(-3% \/ 2 );\"><div class=\"fusion-layout-column fusion_builder_column fusion-builder-column-0 fusion_builder_column_1_4 1_4 fusion-flex-column\" style=\"--awb-bg-size:cover;--awb-width-large:25%;--awb-spacing-right-large:5.82%;--awb-margin-bottom-large:0px;--awb-spacing-left-large:5.82%;--awb-width-medium:25%;--awb-order-medium:0;--awb-spacing-right-medium:5.82%;--awb-spacing-left-medium:5.82%;--awb-width-small:100%;--awb-order-small:0;--awb-spacing-right-small:1.455%;--awb-spacing-left-small:1.455%;\"><div class=\"fusion-column-wrapper fusion-column-has-shadow fusion-flex-justify-content-flex-start fusion-content-layout-column\"><\/div><\/div><div class=\"fusion-layout-column fusion_builder_column fusion-builder-column-1 fusion_builder_column_1_2 1_2 fusion-flex-column\" style=\"--awb-bg-size:cover;--awb-width-large:50%;--awb-spacing-right-large:2.91%;--awb-margin-bottom-large:60px;--awb-spacing-left-large:2.91%;--awb-width-medium:50%;--awb-order-medium:0;--awb-spacing-right-medium:2.91%;--awb-spacing-left-medium:2.91%;--awb-width-small:100%;--awb-order-small:0;--awb-spacing-right-small:1.455%;--awb-spacing-left-small:1.455%;\"><div class=\"fusion-column-wrapper fusion-column-has-shadow fusion-flex-justify-content-flex-start fusion-content-layout-column\"><div class=\"fusion-title title fusion-title-1 fusion-sep-none fusion-title-center fusion-title-text fusion-title-size-two\" style=\"--awb-margin-bottom:0px;--awb-margin-bottom-small:30px;\"><h2 class=\"fusion-title-heading title-heading-center fusion-responsive-typography-calculated\" style=\"margin:0;text-transform:none;--fontSize:36;line-height:1.35;\"><mark class=\"fusion-highlight custom-textcolor highlight1 awb-highlight-marker\" style=\"--awb-color:#EDFF00;--awb-text-color:#001830;\"><b>Imprensa<br \/><\/b><\/mark><\/h2><\/div><div class=\"fusion-title title fusion-title-2 fusion-sep-none fusion-title-center fusion-title-text fusion-title-size-six\" style=\"--awb-margin-top:20px;--awb-margin-bottom:40px;\"><h6 class=\"fusion-title-heading title-heading-center fusion-responsive-typography-calculated\" style=\"margin:0;--fontSize:20;--minFontSize:20;line-height:1.45;\">Acompanhe as not\u00edcias, publica\u00e7\u00f5es e mat\u00e9rias que destacam nosso trabalho e iniciativas no setor de micro-mobilidade urbana sustent\u00e1vel.<\/h6><\/div><div class=\"fusion-search-element fusion-search-element-1 fusion-search-form-clean\" style=\"--awb-border-color:var(--awb-custom_color_18);--awb-text-size:18px;\">\t\t<form role=\"search\" class=\"searchform fusion-search-form  fusion-search-form-clean\" method=\"get\" action=\"https:\/\/bikefacil.com\/\">\n\t\t\t<div class=\"fusion-search-form-content\">\n\n\t\t\t\t\n\t\t\t\t<div class=\"fusion-search-field search-field\">\n\t\t\t\t\t<label><span class=\"screen-reader-text\">Buscar resultados para:<\/span>\n\t\t\t\t\t\t\t\t\t\t\t\t\t<input type=\"search\" value=\"\" name=\"s\" class=\"s\" placeholder=\"Pesquisar...\" required aria-required=\"true\" aria-label=\"Pesquisar...\"\/>\n\t\t\t\t\t\t\t\t\t\t\t<\/label>\n\t\t\t\t<\/div>\n\t\t\t\t<div class=\"fusion-search-button search-button\">\n\t\t\t\t\t<input type=\"submit\" class=\"fusion-search-submit searchsubmit\" aria-label=\"Buscar\" value=\"&#xf002;\" \/>\n\t\t\t\t\t\t\t\t\t<\/div>\n\n\t\t\t\t<input type=\"hidden\" name=\"post_type[]\" value=\"post\" \/><input type=\"hidden\" name=\"search_limit_to_post_titles\" value=\"1\" \/><input type=\"hidden\" name=\"add_woo_product_skus\" value=\"0\" \/><input type=\"hidden\" name=\"fs\" value=\"1\" \/>\n\t\t\t<\/div>\n\n\n\t\t\t\n\t\t<\/form>\n\t\t<\/div><div class=\"fusion-separator fusion-has-icon fusion-full-width-sep\" style=\"align-self: center;margin-left: auto;margin-right: auto;margin-top:30px;width:100%;max-width:100%;\"><div class=\"fusion-separator-border sep-single sep-solid\" style=\"--awb-height:20px;--awb-amount:20px;--awb-sep-color:var(--awb-custom_color_18);border-color:var(--awb-custom_color_18);border-top-width:1px;\"><\/div><span class=\"icon-wrapper\" style=\"border-color:transparent;font-size:26px;width: 1.75em; height: 1.75em;border-width:1px;padding:1px;margin-top:-0.5px\"><i class=\"icon-bkf-BKF_ICONES_1X1_PRETO-96\" style=\"font-size: inherit;color:var(--awb-color6);\" aria-hidden=\"true\"><\/i><\/span><div class=\"fusion-separator-border sep-single sep-solid\" style=\"--awb-height:20px;--awb-amount:20px;--awb-sep-color:var(--awb-custom_color_18);border-color:var(--awb-custom_color_18);border-top-width:1px;\"><\/div><\/div><\/div><\/div><div class=\"fusion-layout-column fusion_builder_column fusion-builder-column-2 fusion_builder_column_1_4 1_4 fusion-flex-column\" style=\"--awb-bg-size:cover;--awb-width-large:25%;--awb-spacing-right-large:5.82%;--awb-margin-bottom-large:0px;--awb-spacing-left-large:5.82%;--awb-width-medium:25%;--awb-order-medium:0;--awb-spacing-right-medium:5.82%;--awb-spacing-left-medium:5.82%;--awb-width-small:100%;--awb-order-small:0;--awb-spacing-right-small:1.455%;--awb-spacing-left-small:1.455%;\"><div class=\"fusion-column-wrapper fusion-column-has-shadow fusion-flex-justify-content-flex-start fusion-content-layout-column\"><\/div><\/div><\/div><\/div><div class=\"fusion-fullwidth fullwidth-box fusion-builder-row-2 fusion-flex-container has-pattern-background has-mask-background nonhundred-percent-fullwidth non-hundred-percent-height-scrolling fusion-no-small-visibility\" style=\"--awb-border-radius-top-left:0px;--awb-border-radius-top-right:0px;--awb-border-radius-bottom-right:0px;--awb-border-radius-bottom-left:0px;--awb-padding-top:0px;--awb-padding-bottom:160px;--awb-flex-wrap:wrap;\" ><div class=\"fusion-builder-row fusion-row fusion-flex-align-items-flex-start fusion-flex-content-wrap\" style=\"max-width:1318.4px;margin-left: calc(-3% \/ 2 );margin-right: calc(-3% \/ 2 );\"><div class=\"fusion-layout-column fusion_builder_column fusion-builder-column-3 fusion_builder_column_1_1 1_1 fusion-flex-column\" style=\"--awb-bg-size:cover;--awb-width-large:100%;--awb-spacing-right-large:1.455%;--awb-margin-bottom-large:0px;--awb-spacing-left-large:1.455%;--awb-width-medium:100%;--awb-order-medium:0;--awb-spacing-right-medium:1.455%;--awb-spacing-left-medium:1.455%;--awb-width-small:100%;--awb-order-small:0;--awb-spacing-right-small:1.455%;--awb-spacing-left-small:1.455%;\"><div class=\"fusion-column-wrapper fusion-column-has-shadow fusion-flex-justify-content-flex-start fusion-content-layout-column\"><div class=\"fusion-blog-shortcode fusion-blog-shortcode-1 fusion-blog-archive fusion-blog-layout-grid-wrapper fusion-blog-pagination\" style=\"--awb-title-font-size:20px;--awb-title-line-height:1.42em;--awb-title-letter-spacing:0.05px;--awb-title-text-transform:uppercase;--awb-title-font-family:&quot;aktiv-grotesk&quot;;--awb-title-font-style:normal;--awb-title-font-weight:700;--grid_separator_color:var(--awb-custom_color_4);\"><style type=\"text\/css\">.fusion-blog-shortcode-1 .fusion-blog-layout-grid .fusion-post-grid{padding:30px;}.fusion-blog-shortcode-1 .fusion-posts-container{margin-left: -30px !important; margin-right:-30px !important;}<\/style><div class=\"fusion-posts-container fusion-posts-container-pagination fusion-blog-layout-grid fusion-blog-layout-grid-3 isotope fusion-blog-equal-heights\" data-pages=\"1\" data-grid-col-space=\"60\" style=\"margin: -30px -30px 0;min-height:500px;\"><article id=\"blog-1-post-9595\" class=\"fusion-post-grid post-9595 post type-post status-publish format-standard has-post-thumbnail hentry category-imprensa\">\n<div class=\"fusion-post-wrapper\" style=\"background-color:var(--awb-color3);border:1px solid var(--awb-custom_color_4);border-bottom-width:3px;\">\n\n\t\t\t<div class=\"fusion-flexslider flexslider fusion-flexslider-loading fusion-post-slideshow\" style=\"border-color:var(--awb-custom_color_4);\">\n\t\t<ul class=\"slides\">\n\t\t\t\n\t\t\t\t\t\t\t\t\t\t\t\t\t\t<li><div  class=\"fusion-image-wrapper\" aria-haspopup=\"true\">\n\t\t\t\t\t\t\t<a href=\"https:\/\/bikefacil.com\/imprensa\/bike-facil-no-web-summit-rio-2025\/\" aria-label=\"Bike F\u00e1cil no Web Summit Rio 2025\">\n\t\t\t\t\t\t\t<img fetchpriority=\"high\" decoding=\"async\" width=\"1280\" height=\"960\" src=\"https:\/\/bikefacil.com\/wp-content\/uploads\/2025\/08\/img-blog-cover-bkf-10.webp?wsr\" class=\"attachment-full size-full wp-post-image\" alt=\"\" srcset=\"https:\/\/bikefacil.com\/wp-content\/uploads\/2025\/08\/img-blog-cover-bkf-10-200x150.webp 200w, https:\/\/bikefacil.com\/wp-content\/uploads\/2025\/08\/img-blog-cover-bkf-10-300x225.webp 300w, https:\/\/bikefacil.com\/wp-content\/uploads\/2025\/08\/img-blog-cover-bkf-10-400x300.webp 400w, https:\/\/bikefacil.com\/wp-content\/uploads\/2025\/08\/img-blog-cover-bkf-10-600x450.webp 600w, https:\/\/bikefacil.com\/wp-content\/uploads\/2025\/08\/img-blog-cover-bkf-10-768x576.webp 768w, https:\/\/bikefacil.com\/wp-content\/uploads\/2025\/08\/img-blog-cover-bkf-10-800x600.webp 800w, https:\/\/bikefacil.com\/wp-content\/uploads\/2025\/08\/img-blog-cover-bkf-10-1024x768.webp 1024w, https:\/\/bikefacil.com\/wp-content\/uploads\/2025\/08\/img-blog-cover-bkf-10-1200x900.webp 1200w, https:\/\/bikefacil.com\/wp-content\/uploads\/2025\/08\/img-blog-cover-bkf-10.webp?wsr 1280w\" sizes=\"(min-width: 2200px) 100vw, (min-width: 784px) 387px, (min-width: 712px) 580px, (min-width: 640px) 712px, \" \/>\t\t\t<\/a>\n\t\t\t\t\t\t\t<\/div>\n<\/li>\n\t\t\t\n\t\t\t\n\t\t\t\t\t\t\t\t\t\t\t\t\t\t\t\t\t\t\t\t\t\t\t\t\t\t\t\t\t\t\t\t\t\t\t\t\t\t\t\t\t\t\t\t\t\t\t\t\t\t\t\t\t\t\t\t\t\t\t\t\t\t\t\t\t\t\t\t<\/ul>\n\t<\/div>\n\t<div class=\"fusion-post-content-wrapper\" style=\"padding:30px 40px 25px 40px;\"><div class=\"fusion-post-content post-content\"><h3 class=\"blog-shortcode-post-title entry-title\"><a href=\"https:\/\/bikefacil.com\/imprensa\/bike-facil-no-web-summit-rio-2025\/\">Bike F\u00e1cil no Web Summit Rio 2025<\/a><\/h3><p class=\"fusion-single-line-meta\"><span class=\"vcard\" style=\"display: none;\"><span class=\"fn\"><a href=\"https:\/\/bikefacil.com\/author\/design\/\" title=\"Posts de Design\" rel=\"author\">Design<\/a><\/span><\/span><span class=\"updated\" style=\"display:none;\">2025-08-22T15:12:23-03:00<\/span><span>17 de agosto de 2025<\/span><span class=\"fusion-inline-sep\">|<\/span><a href=\"https:\/\/bikefacil.com\/categoria\/imprensa\/\" rel=\"category tag\">Imprensa<\/a><span class=\"fusion-inline-sep\">|<\/span><\/p><div class=\"fusion-content-sep sep-single sep-solid\"><\/div><\/div><div class=\"fusion-meta-info\"><div class=\"fusion-alignleft\"><a class=\"fusion-read-more\" href=\"https:\/\/bikefacil.com\/imprensa\/bike-facil-no-web-summit-rio-2025\/\" aria-label=\"More on Bike F\u00e1cil no Web Summit Rio 2025\">Leia mais<\/a><\/div><\/div><\/div><div class=\"fusion-clearfix\"><\/div><\/div>\n<\/article>\n<article id=\"blog-1-post-9608\" class=\"fusion-post-grid post-9608 post type-post status-publish format-standard has-post-thumbnail hentry category-imprensa\">\n<div class=\"fusion-post-wrapper\" style=\"background-color:var(--awb-color3);border:1px solid var(--awb-custom_color_4);border-bottom-width:3px;\">\n\n\t\t\t<div class=\"fusion-flexslider flexslider fusion-flexslider-loading fusion-post-slideshow\" style=\"border-color:var(--awb-custom_color_4);\">\n\t\t<ul class=\"slides\">\n\t\t\t\n\t\t\t\t\t\t\t\t\t\t\t\t\t\t<li><div  class=\"fusion-image-wrapper\" aria-haspopup=\"true\">\n\t\t\t\t\t\t\t<a href=\"https:\/\/bikefacil.com\/imprensa\/bike-facil-conquista-r-91-milhoes-para-transformar-micromobilidade-urbana\/\" aria-label=\"Bike F\u00e1cil conquista R$ 9,1 milh\u00f5es para transformar micromobilidade urbana\">\n\t\t\t\t\t\t\t<img decoding=\"async\" width=\"1280\" height=\"960\" src=\"https:\/\/bikefacil.com\/wp-content\/uploads\/2025\/08\/img-blog-cover-bkf-11.webp?wsr\" class=\"attachment-full size-full wp-post-image\" alt=\"\" srcset=\"https:\/\/bikefacil.com\/wp-content\/uploads\/2025\/08\/img-blog-cover-bkf-11-200x150.webp 200w, https:\/\/bikefacil.com\/wp-content\/uploads\/2025\/08\/img-blog-cover-bkf-11-300x225.webp 300w, https:\/\/bikefacil.com\/wp-content\/uploads\/2025\/08\/img-blog-cover-bkf-11-400x300.webp 400w, https:\/\/bikefacil.com\/wp-content\/uploads\/2025\/08\/img-blog-cover-bkf-11-600x450.webp 600w, https:\/\/bikefacil.com\/wp-content\/uploads\/2025\/08\/img-blog-cover-bkf-11-768x576.webp 768w, https:\/\/bikefacil.com\/wp-content\/uploads\/2025\/08\/img-blog-cover-bkf-11-800x600.webp 800w, https:\/\/bikefacil.com\/wp-content\/uploads\/2025\/08\/img-blog-cover-bkf-11-1024x768.webp 1024w, https:\/\/bikefacil.com\/wp-content\/uploads\/2025\/08\/img-blog-cover-bkf-11-1200x900.webp 1200w, https:\/\/bikefacil.com\/wp-content\/uploads\/2025\/08\/img-blog-cover-bkf-11.webp?wsr 1280w\" sizes=\"(min-width: 2200px) 100vw, (min-width: 784px) 387px, (min-width: 712px) 580px, (min-width: 640px) 712px, \" \/>\t\t\t<\/a>\n\t\t\t\t\t\t\t<\/div>\n<\/li>\n\t\t\t\n\t\t\t\n\t\t\t\t\t\t\t\t\t\t\t\t\t\t\t\t\t\t\t\t\t\t\t\t\t\t\t\t\t\t\t\t\t\t\t\t\t\t\t\t\t\t\t\t\t\t\t\t\t\t\t\t\t\t\t\t\t\t\t\t\t\t\t\t\t\t\t\t<\/ul>\n\t<\/div>\n\t<div class=\"fusion-post-content-wrapper\" style=\"padding:30px 40px 25px 40px;\"><div class=\"fusion-post-content post-content\"><h3 class=\"blog-shortcode-post-title entry-title\"><a href=\"https:\/\/bikefacil.com\/imprensa\/bike-facil-conquista-r-91-milhoes-para-transformar-micromobilidade-urbana\/\">Bike F\u00e1cil conquista R$ 9,1 milh\u00f5es para transformar micromobilidade urbana<\/a><\/h3><p class=\"fusion-single-line-meta\"><span class=\"vcard\" style=\"display: none;\"><span class=\"fn\"><a href=\"https:\/\/bikefacil.com\/author\/design\/\" title=\"Posts de Design\" rel=\"author\">Design<\/a><\/span><\/span><span class=\"updated\" style=\"display:none;\">2025-08-22T15:12:25-03:00<\/span><span>16 de agosto de 2025<\/span><span class=\"fusion-inline-sep\">|<\/span><a href=\"https:\/\/bikefacil.com\/categoria\/imprensa\/\" rel=\"category tag\">Imprensa<\/a><span class=\"fusion-inline-sep\">|<\/span><\/p><div class=\"fusion-content-sep sep-single sep-solid\"><\/div><\/div><div class=\"fusion-meta-info\"><div class=\"fusion-alignleft\"><a class=\"fusion-read-more\" href=\"https:\/\/bikefacil.com\/imprensa\/bike-facil-conquista-r-91-milhoes-para-transformar-micromobilidade-urbana\/\" aria-label=\"More on Bike F\u00e1cil conquista R$ 9,1 milh\u00f5es para transformar micromobilidade urbana\">Leia mais<\/a><\/div><\/div><\/div><div class=\"fusion-clearfix\"><\/div><\/div>\n<\/article>\n<article id=\"blog-1-post-9613\" class=\"fusion-post-grid post-9613 post type-post status-publish format-standard has-post-thumbnail hentry category-imprensa\">\n<div class=\"fusion-post-wrapper\" style=\"background-color:var(--awb-color3);border:1px solid var(--awb-custom_color_4);border-bottom-width:3px;\">\n\n\t\t\t<div class=\"fusion-flexslider flexslider fusion-flexslider-loading fusion-post-slideshow\" style=\"border-color:var(--awb-custom_color_4);\">\n\t\t<ul class=\"slides\">\n\t\t\t\n\t\t\t\t\t\t\t\t\t\t\t\t\t\t<li><div  class=\"fusion-image-wrapper\" aria-haspopup=\"true\">\n\t\t\t\t\t\t\t<a href=\"https:\/\/bikefacil.com\/imprensa\/bike-facil-entre-as-100-empresas-mais-influentes-em-mobilidade-urbana-no-brasil\/\" aria-label=\"Bike F\u00e1cil entre as 100 Empresas Mais Influentes em Mobilidade Urbana no Brasil\">\n\t\t\t\t\t\t\t<img decoding=\"async\" width=\"1280\" height=\"960\" src=\"https:\/\/bikefacil.com\/wp-content\/uploads\/2025\/08\/img-blog-cover-bkf-13.webp?wsr\" class=\"attachment-full size-full wp-post-image\" alt=\"\" srcset=\"https:\/\/bikefacil.com\/wp-content\/uploads\/2025\/08\/img-blog-cover-bkf-13-200x150.webp 200w, https:\/\/bikefacil.com\/wp-content\/uploads\/2025\/08\/img-blog-cover-bkf-13-300x225.webp 300w, https:\/\/bikefacil.com\/wp-content\/uploads\/2025\/08\/img-blog-cover-bkf-13-400x300.webp 400w, https:\/\/bikefacil.com\/wp-content\/uploads\/2025\/08\/img-blog-cover-bkf-13-600x450.webp 600w, https:\/\/bikefacil.com\/wp-content\/uploads\/2025\/08\/img-blog-cover-bkf-13-768x576.webp 768w, https:\/\/bikefacil.com\/wp-content\/uploads\/2025\/08\/img-blog-cover-bkf-13-800x600.webp 800w, https:\/\/bikefacil.com\/wp-content\/uploads\/2025\/08\/img-blog-cover-bkf-13-1024x768.webp 1024w, https:\/\/bikefacil.com\/wp-content\/uploads\/2025\/08\/img-blog-cover-bkf-13-1200x900.webp 1200w, https:\/\/bikefacil.com\/wp-content\/uploads\/2025\/08\/img-blog-cover-bkf-13.webp?wsr 1280w\" sizes=\"(min-width: 2200px) 100vw, (min-width: 784px) 387px, (min-width: 712px) 580px, (min-width: 640px) 712px, \" \/>\t\t\t<\/a>\n\t\t\t\t\t\t\t<\/div>\n<\/li>\n\t\t\t\n\t\t\t\n\t\t\t\t\t\t\t\t\t\t\t\t\t\t\t\t\t\t\t\t\t\t\t\t\t\t\t\t\t\t\t\t\t\t\t\t\t\t\t\t\t\t\t\t\t\t\t\t\t\t\t\t\t\t\t\t\t\t\t\t\t\t\t\t\t\t\t\t<\/ul>\n\t<\/div>\n\t<div class=\"fusion-post-content-wrapper\" style=\"padding:30px 40px 25px 40px;\"><div class=\"fusion-post-content post-content\"><h3 class=\"blog-shortcode-post-title entry-title\"><a href=\"https:\/\/bikefacil.com\/imprensa\/bike-facil-entre-as-100-empresas-mais-influentes-em-mobilidade-urbana-no-brasil\/\">Bike F\u00e1cil entre as 100 Empresas Mais Influentes em Mobilidade Urbana no Brasil<\/a><\/h3><p class=\"fusion-single-line-meta\"><span class=\"vcard\" style=\"display: none;\"><span class=\"fn\"><a href=\"https:\/\/bikefacil.com\/author\/design\/\" title=\"Posts de Design\" rel=\"author\">Design<\/a><\/span><\/span><span class=\"updated\" style=\"display:none;\">2025-08-22T15:12:27-03:00<\/span><span>16 de agosto de 2025<\/span><span class=\"fusion-inline-sep\">|<\/span><a href=\"https:\/\/bikefacil.com\/categoria\/imprensa\/\" rel=\"category tag\">Imprensa<\/a><span class=\"fusion-inline-sep\">|<\/span><\/p><div class=\"fusion-content-sep sep-single sep-solid\"><\/div><\/div><div class=\"fusion-meta-info\"><div class=\"fusion-alignleft\"><a class=\"fusion-read-more\" href=\"https:\/\/bikefacil.com\/imprensa\/bike-facil-entre-as-100-empresas-mais-influentes-em-mobilidade-urbana-no-brasil\/\" aria-label=\"More on Bike F\u00e1cil entre as 100 Empresas Mais Influentes em Mobilidade Urbana no Brasil\">Leia mais<\/a><\/div><\/div><\/div><div class=\"fusion-clearfix\"><\/div><\/div>\n<\/article>\n<article id=\"blog-1-post-9622\" class=\"fusion-post-grid post-9622 post type-post status-publish format-standard has-post-thumbnail hentry category-imprensa\">\n<div class=\"fusion-post-wrapper\" style=\"background-color:var(--awb-color3);border:1px solid var(--awb-custom_color_4);border-bottom-width:3px;\">\n\n\t\t\t<div class=\"fusion-flexslider flexslider fusion-flexslider-loading fusion-post-slideshow\" style=\"border-color:var(--awb-custom_color_4);\">\n\t\t<ul class=\"slides\">\n\t\t\t\n\t\t\t\t\t\t\t\t\t\t\t\t\t\t<li><div  class=\"fusion-image-wrapper\" aria-haspopup=\"true\">\n\t\t\t\t\t\t\t<a href=\"https:\/\/bikefacil.com\/imprensa\/finalista-em-premio-do-maior-evento-de-mobilidade-urbana-da-america-latina\/\" aria-label=\"Finalista em pr\u00eamio do maior evento de mobilidade urbana da Am\u00e9rica Latina\">\n\t\t\t\t\t\t\t<img loading=\"lazy\" decoding=\"async\" width=\"1280\" height=\"960\" src=\"https:\/\/bikefacil.com\/wp-content\/uploads\/2025\/08\/img-blog-cover-bkf-12.webp?wsr\" class=\"attachment-full size-full wp-post-image\" alt=\"\" srcset=\"https:\/\/bikefacil.com\/wp-content\/uploads\/2025\/08\/img-blog-cover-bkf-12-200x150.webp 200w, https:\/\/bikefacil.com\/wp-content\/uploads\/2025\/08\/img-blog-cover-bkf-12-300x225.webp 300w, https:\/\/bikefacil.com\/wp-content\/uploads\/2025\/08\/img-blog-cover-bkf-12-400x300.webp 400w, https:\/\/bikefacil.com\/wp-content\/uploads\/2025\/08\/img-blog-cover-bkf-12-600x450.webp 600w, https:\/\/bikefacil.com\/wp-content\/uploads\/2025\/08\/img-blog-cover-bkf-12-768x576.webp 768w, https:\/\/bikefacil.com\/wp-content\/uploads\/2025\/08\/img-blog-cover-bkf-12-800x600.webp 800w, https:\/\/bikefacil.com\/wp-content\/uploads\/2025\/08\/img-blog-cover-bkf-12-1024x768.webp 1024w, https:\/\/bikefacil.com\/wp-content\/uploads\/2025\/08\/img-blog-cover-bkf-12-1200x900.webp 1200w, https:\/\/bikefacil.com\/wp-content\/uploads\/2025\/08\/img-blog-cover-bkf-12.webp?wsr 1280w\" sizes=\"(min-width: 2200px) 100vw, (min-width: 784px) 387px, (min-width: 712px) 580px, (min-width: 640px) 712px, \" \/>\t\t\t<\/a>\n\t\t\t\t\t\t\t<\/div>\n<\/li>\n\t\t\t\n\t\t\t\n\t\t\t\t\t\t\t\t\t\t\t\t\t\t\t\t\t\t\t\t\t\t\t\t\t\t\t\t\t\t\t\t\t\t\t\t\t\t\t\t\t\t\t\t\t\t\t\t\t\t\t\t\t\t\t\t\t\t\t\t\t\t\t\t\t\t\t\t<\/ul>\n\t<\/div>\n\t<div class=\"fusion-post-content-wrapper\" style=\"padding:30px 40px 25px 40px;\"><div class=\"fusion-post-content post-content\"><h3 class=\"blog-shortcode-post-title entry-title\"><a href=\"https:\/\/bikefacil.com\/imprensa\/finalista-em-premio-do-maior-evento-de-mobilidade-urbana-da-america-latina\/\">Finalista em pr\u00eamio do maior evento de mobilidade urbana da Am\u00e9rica Latina<\/a><\/h3><p class=\"fusion-single-line-meta\"><span class=\"vcard\" style=\"display: none;\"><span class=\"fn\"><a href=\"https:\/\/bikefacil.com\/author\/design\/\" title=\"Posts de Design\" rel=\"author\">Design<\/a><\/span><\/span><span class=\"updated\" style=\"display:none;\">2025-08-22T15:12:29-03:00<\/span><span>15 de agosto de 2025<\/span><span class=\"fusion-inline-sep\">|<\/span><a href=\"https:\/\/bikefacil.com\/categoria\/imprensa\/\" rel=\"category tag\">Imprensa<\/a><span class=\"fusion-inline-sep\">|<\/span><\/p><div class=\"fusion-content-sep sep-single sep-solid\"><\/div><\/div><div class=\"fusion-meta-info\"><div class=\"fusion-alignleft\"><a class=\"fusion-read-more\" href=\"https:\/\/bikefacil.com\/imprensa\/finalista-em-premio-do-maior-evento-de-mobilidade-urbana-da-america-latina\/\" aria-label=\"More on Finalista em pr\u00eamio do maior evento de mobilidade urbana da Am\u00e9rica Latina\">Leia mais<\/a><\/div><\/div><\/div><div class=\"fusion-clearfix\"><\/div><\/div>\n<\/article>\n<article id=\"blog-1-post-9626\" class=\"fusion-post-grid post-9626 post type-post status-publish format-standard has-post-thumbnail hentry category-imprensa\">\n<div class=\"fusion-post-wrapper\" style=\"background-color:var(--awb-color3);border:1px solid var(--awb-custom_color_4);border-bottom-width:3px;\">\n\n\t\t\t<div class=\"fusion-flexslider flexslider fusion-flexslider-loading fusion-post-slideshow\" style=\"border-color:var(--awb-custom_color_4);\">\n\t\t<ul class=\"slides\">\n\t\t\t\n\t\t\t\t\t\t\t\t\t\t\t\t\t\t<li><div  class=\"fusion-image-wrapper\" aria-haspopup=\"true\">\n\t\t\t\t\t\t\t<a href=\"https:\/\/bikefacil.com\/imprensa\/bike-facil-apoia-o-projeto-nossa-bici-mobilidade-comunitaria-em-acao\/\" aria-label=\"Bike F\u00e1cil apoia o projeto Nossa Bici \u2013 mobilidade comunit\u00e1ria em a\u00e7\u00e3o\">\n\t\t\t\t\t\t\t<img loading=\"lazy\" decoding=\"async\" width=\"1280\" height=\"960\" src=\"https:\/\/bikefacil.com\/wp-content\/uploads\/2025\/08\/img-blog-cover-bkf-14.webp?wsr\" class=\"attachment-full size-full wp-post-image\" alt=\"\" srcset=\"https:\/\/bikefacil.com\/wp-content\/uploads\/2025\/08\/img-blog-cover-bkf-14-200x150.webp 200w, https:\/\/bikefacil.com\/wp-content\/uploads\/2025\/08\/img-blog-cover-bkf-14-300x225.webp 300w, https:\/\/bikefacil.com\/wp-content\/uploads\/2025\/08\/img-blog-cover-bkf-14-400x300.webp 400w, https:\/\/bikefacil.com\/wp-content\/uploads\/2025\/08\/img-blog-cover-bkf-14-600x450.webp 600w, https:\/\/bikefacil.com\/wp-content\/uploads\/2025\/08\/img-blog-cover-bkf-14-768x576.webp 768w, https:\/\/bikefacil.com\/wp-content\/uploads\/2025\/08\/img-blog-cover-bkf-14-800x600.webp 800w, https:\/\/bikefacil.com\/wp-content\/uploads\/2025\/08\/img-blog-cover-bkf-14-1024x768.webp 1024w, https:\/\/bikefacil.com\/wp-content\/uploads\/2025\/08\/img-blog-cover-bkf-14-1200x900.webp 1200w, https:\/\/bikefacil.com\/wp-content\/uploads\/2025\/08\/img-blog-cover-bkf-14.webp?wsr 1280w\" sizes=\"(min-width: 2200px) 100vw, (min-width: 784px) 387px, (min-width: 712px) 580px, (min-width: 640px) 712px, \" \/>\t\t\t<\/a>\n\t\t\t\t\t\t\t<\/div>\n<\/li>\n\t\t\t\n\t\t\t\n\t\t\t\t\t\t\t\t\t\t\t\t\t\t\t\t\t\t\t\t\t\t\t\t\t\t\t\t\t\t\t\t\t\t\t\t\t\t\t\t\t\t\t\t\t\t\t\t\t\t\t\t\t\t\t\t\t\t\t\t\t\t\t\t\t\t\t\t<\/ul>\n\t<\/div>\n\t<div class=\"fusion-post-content-wrapper\" style=\"padding:30px 40px 25px 40px;\"><div class=\"fusion-post-content post-content\"><h3 class=\"blog-shortcode-post-title entry-title\"><a href=\"https:\/\/bikefacil.com\/imprensa\/bike-facil-apoia-o-projeto-nossa-bici-mobilidade-comunitaria-em-acao\/\">Bike F\u00e1cil apoia o projeto Nossa Bici \u2013 mobilidade comunit\u00e1ria em a\u00e7\u00e3o<\/a><\/h3><p class=\"fusion-single-line-meta\"><span class=\"vcard\" style=\"display: none;\"><span class=\"fn\"><a href=\"https:\/\/bikefacil.com\/author\/design\/\" title=\"Posts de Design\" rel=\"author\">Design<\/a><\/span><\/span><span class=\"updated\" style=\"display:none;\">2025-08-22T15:12:31-03:00<\/span><span>15 de agosto de 2025<\/span><span class=\"fusion-inline-sep\">|<\/span><a href=\"https:\/\/bikefacil.com\/categoria\/imprensa\/\" rel=\"category tag\">Imprensa<\/a><span class=\"fusion-inline-sep\">|<\/span><\/p><div class=\"fusion-content-sep sep-single sep-solid\"><\/div><\/div><div class=\"fusion-meta-info\"><div class=\"fusion-alignleft\"><a class=\"fusion-read-more\" href=\"https:\/\/bikefacil.com\/imprensa\/bike-facil-apoia-o-projeto-nossa-bici-mobilidade-comunitaria-em-acao\/\" aria-label=\"More on Bike F\u00e1cil apoia o projeto Nossa Bici \u2013 mobilidade comunit\u00e1ria em a\u00e7\u00e3o\">Leia mais<\/a><\/div><\/div><\/div><div class=\"fusion-clearfix\"><\/div><\/div>\n<\/article>\n<div class=\"fusion-clearfix\"><\/div><\/div><\/div><\/div><\/div><\/div><\/div><div class=\"fusion-fullwidth fullwidth-box fusion-builder-row-3 fusion-flex-container has-pattern-background has-mask-background nonhundred-percent-fullwidth non-hundred-percent-height-scrolling fusion-no-medium-visibility fusion-no-large-visibility fusion-custom-z-index\" style=\"--awb-border-radius-top-left:0px;--awb-border-radius-top-right:0px;--awb-border-radius-bottom-right:0px;--awb-border-radius-bottom-left:0px;--awb-z-index:1;--awb-padding-top:60px;--awb-padding-right:40px;--awb-padding-bottom:0px;--awb-padding-left:40px;--awb-background-color:var(--awb-color3);--awb-background-size:contain;--awb-flex-wrap:wrap;\" ><div class=\"fusion-builder-row fusion-row fusion-flex-align-items-flex-start fusion-flex-content-wrap\" style=\"max-width:1318.4px;margin-left: calc(-3% \/ 2 );margin-right: calc(-3% \/ 2 );\"><div class=\"fusion-layout-column fusion_builder_column fusion-builder-column-4 fusion_builder_column_1_1 1_1 fusion-flex-column\" style=\"--awb-bg-size:cover;--awb-width-large:100%;--awb-spacing-right-large:1.455%;--awb-margin-bottom-large:60px;--awb-spacing-left-large:1.455%;--awb-width-medium:100%;--awb-order-medium:0;--awb-spacing-right-medium:1.455%;--awb-spacing-left-medium:1.455%;--awb-width-small:100%;--awb-order-small:0;--awb-spacing-right-small:1.455%;--awb-spacing-left-small:1.455%;\"><div class=\"fusion-column-wrapper fusion-column-has-shadow fusion-flex-justify-content-flex-start fusion-content-layout-column\"><div class=\"fusion-title title fusion-title-3 fusion-sep-none fusion-title-center fusion-title-text fusion-title-size-two\" style=\"--awb-margin-bottom:0px;--awb-margin-bottom-small:30px;\"><h2 class=\"fusion-title-heading title-heading-center fusion-responsive-typography-calculated\" style=\"margin:0;text-transform:none;--fontSize:36;line-height:1.35;\"><mark class=\"fusion-highlight custom-textcolor highlight1 awb-highlight-marker\" style=\"--awb-color:#EDFF00;--awb-text-color:#001830;\"><b>Imprensa<br \/><\/b><\/mark><\/h2><\/div><div class=\"fusion-title title fusion-title-4 fusion-sep-none fusion-title-center fusion-title-text fusion-title-size-six\" style=\"--awb-margin-top:20px;--awb-margin-bottom:40px;\"><h6 class=\"fusion-title-heading title-heading-center fusion-responsive-typography-calculated\" style=\"margin:0;--fontSize:20;--minFontSize:20;line-height:1.45;\">Acompanhe as not\u00edcias, publica\u00e7\u00f5es e mat\u00e9rias que destacam nosso trabalho e iniciativas no setor de micro-mobilidade urbana sustent\u00e1vel.<\/h6><\/div><div class=\"fusion-search-element fusion-search-element-2 fusion-search-form-clean\" style=\"--awb-margin-top:20px;--awb-margin-bottom:20px;--awb-border-color:var(--awb-custom_color_18);--awb-text-size:18px;\">\t\t<form role=\"search\" class=\"searchform fusion-search-form  fusion-search-form-clean\" method=\"get\" action=\"https:\/\/bikefacil.com\/\">\n\t\t\t<div class=\"fusion-search-form-content\">\n\n\t\t\t\t\n\t\t\t\t<div class=\"fusion-search-field search-field\">\n\t\t\t\t\t<label><span class=\"screen-reader-text\">Buscar resultados para:<\/span>\n\t\t\t\t\t\t\t\t\t\t\t\t\t<input type=\"search\" value=\"\" name=\"s\" class=\"s\" placeholder=\"Pesquisar...\" required aria-required=\"true\" aria-label=\"Pesquisar...\"\/>\n\t\t\t\t\t\t\t\t\t\t\t<\/label>\n\t\t\t\t<\/div>\n\t\t\t\t<div class=\"fusion-search-button search-button\">\n\t\t\t\t\t<input type=\"submit\" class=\"fusion-search-submit searchsubmit\" aria-label=\"Buscar\" value=\"&#xf002;\" \/>\n\t\t\t\t\t\t\t\t\t<\/div>\n\n\t\t\t\t<input type=\"hidden\" name=\"post_type[]\" value=\"post\" \/><input type=\"hidden\" name=\"search_limit_to_post_titles\" value=\"1\" \/><input type=\"hidden\" name=\"add_woo_product_skus\" value=\"0\" \/><input type=\"hidden\" name=\"fs\" value=\"1\" \/>\n\t\t\t<\/div>\n\n\n\t\t\t\n\t\t<\/form>\n\t\t<\/div><div class=\"fusion-separator fusion-has-icon fusion-full-width-sep\" style=\"align-self: center;margin-left: auto;margin-right: auto;margin-top:30px;width:100%;max-width:100%;\"><div class=\"fusion-separator-border sep-single sep-solid\" style=\"--awb-height:20px;--awb-amount:20px;--awb-sep-color:var(--awb-custom_color_18);border-color:var(--awb-custom_color_18);border-top-width:1px;\"><\/div><span class=\"icon-wrapper\" style=\"border-color:transparent;font-size:26px;width: 1.75em; height: 1.75em;border-width:1px;padding:1px;margin-top:-0.5px\"><i class=\"icon-bkf-BKF_ICONES_1X1_PRETO-96\" style=\"font-size: inherit;color:var(--awb-color6);\" aria-hidden=\"true\"><\/i><\/span><div class=\"fusion-separator-border sep-single sep-solid\" style=\"--awb-height:20px;--awb-amount:20px;--awb-sep-color:var(--awb-custom_color_18);border-color:var(--awb-custom_color_18);border-top-width:1px;\"><\/div><\/div><\/div><\/div><\/div><\/div><div class=\"fusion-fullwidth fullwidth-box fusion-builder-row-4 fusion-flex-container has-pattern-background has-mask-background nonhundred-percent-fullwidth non-hundred-percent-height-scrolling fusion-no-medium-visibility fusion-no-large-visibility\" style=\"--awb-border-radius-top-left:0px;--awb-border-radius-top-right:0px;--awb-border-radius-bottom-right:0px;--awb-border-radius-bottom-left:0px;--awb-padding-top:0px;--awb-padding-right:40px;--awb-padding-bottom:50px;--awb-padding-left:40px;--awb-flex-wrap:wrap;\" ><div class=\"fusion-builder-row fusion-row fusion-flex-align-items-flex-start fusion-flex-content-wrap\" style=\"max-width:1318.4px;margin-left: calc(-3% \/ 2 );margin-right: calc(-3% \/ 2 );\"><div class=\"fusion-layout-column fusion_builder_column fusion-builder-column-5 fusion_builder_column_1_1 1_1 fusion-flex-column\" style=\"--awb-bg-size:cover;--awb-width-large:100%;--awb-spacing-right-large:1.455%;--awb-margin-bottom-large:0px;--awb-spacing-left-large:1.455%;--awb-width-medium:100%;--awb-order-medium:0;--awb-spacing-right-medium:1.455%;--awb-spacing-left-medium:1.455%;--awb-width-small:100%;--awb-order-small:0;--awb-spacing-right-small:1.455%;--awb-spacing-left-small:1.455%;\"><div class=\"fusion-column-wrapper fusion-column-has-shadow fusion-flex-justify-content-flex-start fusion-content-layout-column\"><div class=\"fusion-blog-shortcode fusion-blog-shortcode-2 fusion-blog-archive fusion-blog-layout-grid-wrapper fusion-blog-pagination fusion-blog-layout-center\" style=\"--awb-title-font-size:20px;--awb-title-line-height:1.42em;--awb-title-letter-spacing:0.05px;--awb-title-text-transform:uppercase;--awb-title-font-family:&quot;aktiv-grotesk&quot;;--awb-title-font-style:normal;--awb-title-font-weight:700;--grid_separator_color:var(--awb-custom_color_4);\"><style type=\"text\/css\">.fusion-blog-shortcode-2 .fusion-blog-layout-grid .fusion-post-grid{padding:20px;}.fusion-blog-shortcode-2 .fusion-posts-container{margin-left: -20px !important; margin-right:-20px !important;}<\/style><div class=\"fusion-posts-container fusion-posts-container-pagination fusion-blog-layout-grid fusion-blog-layout-grid-4 isotope\" data-pages=\"1\" data-grid-col-space=\"40\" style=\"margin: -20px -20px 0;min-height:500px;\"><article id=\"blog-2-post-9595\" class=\"fusion-post-grid post-9595 post type-post status-publish format-standard has-post-thumbnail hentry category-imprensa\">\n<div class=\"fusion-post-wrapper\" style=\"background-color:var(--awb-color3);border:1px solid var(--awb-custom_color_4);border-bottom-width:3px;\">\n\n\t\t\t<div class=\"fusion-flexslider flexslider fusion-flexslider-loading fusion-post-slideshow\" style=\"border-color:var(--awb-custom_color_4);\">\n\t\t<ul class=\"slides\">\n\t\t\t\n\t\t\t\t\t\t\t\t\t\t\t\t\t\t<li><div  class=\"fusion-image-wrapper\" aria-haspopup=\"true\">\n\t\t\t\t\t\t\t<a href=\"https:\/\/bikefacil.com\/imprensa\/bike-facil-no-web-summit-rio-2025\/\" aria-label=\"Bike F\u00e1cil no Web Summit Rio 2025\">\n\t\t\t\t\t\t\t<img loading=\"lazy\" decoding=\"async\" width=\"1280\" height=\"960\" src=\"https:\/\/bikefacil.com\/wp-content\/uploads\/2025\/08\/img-blog-cover-bkf-10.webp?wsr\" class=\"attachment-full size-full wp-post-image\" alt=\"\" srcset=\"https:\/\/bikefacil.com\/wp-content\/uploads\/2025\/08\/img-blog-cover-bkf-10-200x150.webp 200w, https:\/\/bikefacil.com\/wp-content\/uploads\/2025\/08\/img-blog-cover-bkf-10-300x225.webp 300w, https:\/\/bikefacil.com\/wp-content\/uploads\/2025\/08\/img-blog-cover-bkf-10-400x300.webp 400w, https:\/\/bikefacil.com\/wp-content\/uploads\/2025\/08\/img-blog-cover-bkf-10-600x450.webp 600w, https:\/\/bikefacil.com\/wp-content\/uploads\/2025\/08\/img-blog-cover-bkf-10-768x576.webp 768w, https:\/\/bikefacil.com\/wp-content\/uploads\/2025\/08\/img-blog-cover-bkf-10-800x600.webp 800w, https:\/\/bikefacil.com\/wp-content\/uploads\/2025\/08\/img-blog-cover-bkf-10-1024x768.webp 1024w, https:\/\/bikefacil.com\/wp-content\/uploads\/2025\/08\/img-blog-cover-bkf-10-1200x900.webp 1200w, https:\/\/bikefacil.com\/wp-content\/uploads\/2025\/08\/img-blog-cover-bkf-10.webp?wsr 1280w\" sizes=\"(min-width: 2200px) 100vw, (min-width: 856px) 290px, (min-width: 784px) 387px, (min-width: 712px) 580px, (min-width: 640px) 712px, \" \/>\t\t\t<\/a>\n\t\t\t\t\t\t\t<\/div>\n<\/li>\n\t\t\t\n\t\t\t\n\t\t\t\t\t\t\t\t\t\t\t\t\t\t\t\t\t\t\t\t\t\t\t\t\t\t\t\t\t\t\t\t\t\t\t\t\t\t\t\t\t\t\t\t\t\t\t\t\t\t\t\t\t\t\t\t\t\t\t\t\t\t\t\t\t\t\t\t<\/ul>\n\t<\/div>\n\t<div class=\"fusion-post-content-wrapper\" style=\"padding:40px 30px 20px 30px;\"><div class=\"fusion-post-content post-content\"><h3 class=\"blog-shortcode-post-title entry-title\"><a href=\"https:\/\/bikefacil.com\/imprensa\/bike-facil-no-web-summit-rio-2025\/\">Bike F\u00e1cil no Web Summit Rio 2025<\/a><\/h3><p class=\"fusion-single-line-meta\"><span class=\"vcard\" style=\"display: none;\"><span class=\"fn\"><a href=\"https:\/\/bikefacil.com\/author\/design\/\" title=\"Posts de Design\" rel=\"author\">Design<\/a><\/span><\/span><span class=\"updated\" style=\"display:none;\">2025-08-22T15:12:23-03:00<\/span><span>17 de agosto de 2025<\/span><span class=\"fusion-inline-sep\">|<\/span><a href=\"https:\/\/bikefacil.com\/categoria\/imprensa\/\" rel=\"category tag\">Imprensa<\/a><span class=\"fusion-inline-sep\">|<\/span><\/p><div class=\"fusion-content-sep sep-single sep-solid\"><\/div><\/div><div class=\"fusion-meta-info\"><div class=\"fusion-aligncenter\"><a class=\"fusion-read-more\" href=\"https:\/\/bikefacil.com\/imprensa\/bike-facil-no-web-summit-rio-2025\/\" aria-label=\"More on Bike F\u00e1cil no Web Summit Rio 2025\">Leia mais<\/a><\/div><\/div><\/div><div class=\"fusion-clearfix\"><\/div><\/div>\n<\/article>\n<article id=\"blog-2-post-9608\" class=\"fusion-post-grid post-9608 post type-post status-publish format-standard has-post-thumbnail hentry category-imprensa\">\n<div class=\"fusion-post-wrapper\" style=\"background-color:var(--awb-color3);border:1px solid var(--awb-custom_color_4);border-bottom-width:3px;\">\n\n\t\t\t<div class=\"fusion-flexslider flexslider fusion-flexslider-loading fusion-post-slideshow\" style=\"border-color:var(--awb-custom_color_4);\">\n\t\t<ul class=\"slides\">\n\t\t\t\n\t\t\t\t\t\t\t\t\t\t\t\t\t\t<li><div  class=\"fusion-image-wrapper\" aria-haspopup=\"true\">\n\t\t\t\t\t\t\t<a href=\"https:\/\/bikefacil.com\/imprensa\/bike-facil-conquista-r-91-milhoes-para-transformar-micromobilidade-urbana\/\" aria-label=\"Bike F\u00e1cil conquista R$ 9,1 milh\u00f5es para transformar micromobilidade urbana\">\n\t\t\t\t\t\t\t<img loading=\"lazy\" decoding=\"async\" width=\"1280\" height=\"960\" src=\"https:\/\/bikefacil.com\/wp-content\/uploads\/2025\/08\/img-blog-cover-bkf-11.webp?wsr\" class=\"attachment-full size-full wp-post-image\" alt=\"\" srcset=\"https:\/\/bikefacil.com\/wp-content\/uploads\/2025\/08\/img-blog-cover-bkf-11-200x150.webp 200w, https:\/\/bikefacil.com\/wp-content\/uploads\/2025\/08\/img-blog-cover-bkf-11-300x225.webp 300w, https:\/\/bikefacil.com\/wp-content\/uploads\/2025\/08\/img-blog-cover-bkf-11-400x300.webp 400w, https:\/\/bikefacil.com\/wp-content\/uploads\/2025\/08\/img-blog-cover-bkf-11-600x450.webp 600w, https:\/\/bikefacil.com\/wp-content\/uploads\/2025\/08\/img-blog-cover-bkf-11-768x576.webp 768w, https:\/\/bikefacil.com\/wp-content\/uploads\/2025\/08\/img-blog-cover-bkf-11-800x600.webp 800w, https:\/\/bikefacil.com\/wp-content\/uploads\/2025\/08\/img-blog-cover-bkf-11-1024x768.webp 1024w, https:\/\/bikefacil.com\/wp-content\/uploads\/2025\/08\/img-blog-cover-bkf-11-1200x900.webp 1200w, https:\/\/bikefacil.com\/wp-content\/uploads\/2025\/08\/img-blog-cover-bkf-11.webp?wsr 1280w\" sizes=\"(min-width: 2200px) 100vw, (min-width: 856px) 290px, (min-width: 784px) 387px, (min-width: 712px) 580px, (min-width: 640px) 712px, \" \/>\t\t\t<\/a>\n\t\t\t\t\t\t\t<\/div>\n<\/li>\n\t\t\t\n\t\t\t\n\t\t\t\t\t\t\t\t\t\t\t\t\t\t\t\t\t\t\t\t\t\t\t\t\t\t\t\t\t\t\t\t\t\t\t\t\t\t\t\t\t\t\t\t\t\t\t\t\t\t\t\t\t\t\t\t\t\t\t\t\t\t\t\t\t\t\t\t<\/ul>\n\t<\/div>\n\t<div class=\"fusion-post-content-wrapper\" style=\"padding:40px 30px 20px 30px;\"><div class=\"fusion-post-content post-content\"><h3 class=\"blog-shortcode-post-title entry-title\"><a href=\"https:\/\/bikefacil.com\/imprensa\/bike-facil-conquista-r-91-milhoes-para-transformar-micromobilidade-urbana\/\">Bike F\u00e1cil conquista R$ 9,1 milh\u00f5es para transformar micromobilidade urbana<\/a><\/h3><p class=\"fusion-single-line-meta\"><span class=\"vcard\" style=\"display: none;\"><span class=\"fn\"><a href=\"https:\/\/bikefacil.com\/author\/design\/\" title=\"Posts de Design\" rel=\"author\">Design<\/a><\/span><\/span><span class=\"updated\" style=\"display:none;\">2025-08-22T15:12:25-03:00<\/span><span>16 de agosto de 2025<\/span><span class=\"fusion-inline-sep\">|<\/span><a href=\"https:\/\/bikefacil.com\/categoria\/imprensa\/\" rel=\"category tag\">Imprensa<\/a><span class=\"fusion-inline-sep\">|<\/span><\/p><div class=\"fusion-content-sep sep-single sep-solid\"><\/div><\/div><div class=\"fusion-meta-info\"><div class=\"fusion-aligncenter\"><a class=\"fusion-read-more\" href=\"https:\/\/bikefacil.com\/imprensa\/bike-facil-conquista-r-91-milhoes-para-transformar-micromobilidade-urbana\/\" aria-label=\"More on Bike F\u00e1cil conquista R$ 9,1 milh\u00f5es para transformar micromobilidade urbana\">Leia mais<\/a><\/div><\/div><\/div><div class=\"fusion-clearfix\"><\/div><\/div>\n<\/article>\n<article id=\"blog-2-post-9613\" class=\"fusion-post-grid post-9613 post type-post status-publish format-standard has-post-thumbnail hentry category-imprensa\">\n<div class=\"fusion-post-wrapper\" style=\"background-color:var(--awb-color3);border:1px solid var(--awb-custom_color_4);border-bottom-width:3px;\">\n\n\t\t\t<div class=\"fusion-flexslider flexslider fusion-flexslider-loading fusion-post-slideshow\" style=\"border-color:var(--awb-custom_color_4);\">\n\t\t<ul class=\"slides\">\n\t\t\t\n\t\t\t\t\t\t\t\t\t\t\t\t\t\t<li><div  class=\"fusion-image-wrapper\" aria-haspopup=\"true\">\n\t\t\t\t\t\t\t<a href=\"https:\/\/bikefacil.com\/imprensa\/bike-facil-entre-as-100-empresas-mais-influentes-em-mobilidade-urbana-no-brasil\/\" aria-label=\"Bike F\u00e1cil entre as 100 Empresas Mais Influentes em Mobilidade Urbana no Brasil\">\n\t\t\t\t\t\t\t<img loading=\"lazy\" decoding=\"async\" width=\"1280\" height=\"960\" src=\"https:\/\/bikefacil.com\/wp-content\/uploads\/2025\/08\/img-blog-cover-bkf-13.webp?wsr\" class=\"attachment-full size-full wp-post-image\" alt=\"\" srcset=\"https:\/\/bikefacil.com\/wp-content\/uploads\/2025\/08\/img-blog-cover-bkf-13-200x150.webp 200w, https:\/\/bikefacil.com\/wp-content\/uploads\/2025\/08\/img-blog-cover-bkf-13-300x225.webp 300w, https:\/\/bikefacil.com\/wp-content\/uploads\/2025\/08\/img-blog-cover-bkf-13-400x300.webp 400w, https:\/\/bikefacil.com\/wp-content\/uploads\/2025\/08\/img-blog-cover-bkf-13-600x450.webp 600w, https:\/\/bikefacil.com\/wp-content\/uploads\/2025\/08\/img-blog-cover-bkf-13-768x576.webp 768w, https:\/\/bikefacil.com\/wp-content\/uploads\/2025\/08\/img-blog-cover-bkf-13-800x600.webp 800w, https:\/\/bikefacil.com\/wp-content\/uploads\/2025\/08\/img-blog-cover-bkf-13-1024x768.webp 1024w, https:\/\/bikefacil.com\/wp-content\/uploads\/2025\/08\/img-blog-cover-bkf-13-1200x900.webp 1200w, https:\/\/bikefacil.com\/wp-content\/uploads\/2025\/08\/img-blog-cover-bkf-13.webp?wsr 1280w\" sizes=\"(min-width: 2200px) 100vw, (min-width: 856px) 290px, (min-width: 784px) 387px, (min-width: 712px) 580px, (min-width: 640px) 712px, \" \/>\t\t\t<\/a>\n\t\t\t\t\t\t\t<\/div>\n<\/li>\n\t\t\t\n\t\t\t\n\t\t\t\t\t\t\t\t\t\t\t\t\t\t\t\t\t\t\t\t\t\t\t\t\t\t\t\t\t\t\t\t\t\t\t\t\t\t\t\t\t\t\t\t\t\t\t\t\t\t\t\t\t\t\t\t\t\t\t\t\t\t\t\t\t\t\t\t<\/ul>\n\t<\/div>\n\t<div class=\"fusion-post-content-wrapper\" style=\"padding:40px 30px 20px 30px;\"><div class=\"fusion-post-content post-content\"><h3 class=\"blog-shortcode-post-title entry-title\"><a href=\"https:\/\/bikefacil.com\/imprensa\/bike-facil-entre-as-100-empresas-mais-influentes-em-mobilidade-urbana-no-brasil\/\">Bike F\u00e1cil entre as 100 Empresas Mais Influentes em Mobilidade Urbana no Brasil<\/a><\/h3><p class=\"fusion-single-line-meta\"><span class=\"vcard\" style=\"display: none;\"><span class=\"fn\"><a href=\"https:\/\/bikefacil.com\/author\/design\/\" title=\"Posts de Design\" rel=\"author\">Design<\/a><\/span><\/span><span class=\"updated\" style=\"display:none;\">2025-08-22T15:12:27-03:00<\/span><span>16 de agosto de 2025<\/span><span class=\"fusion-inline-sep\">|<\/span><a href=\"https:\/\/bikefacil.com\/categoria\/imprensa\/\" rel=\"category tag\">Imprensa<\/a><span class=\"fusion-inline-sep\">|<\/span><\/p><div class=\"fusion-content-sep sep-single sep-solid\"><\/div><\/div><div class=\"fusion-meta-info\"><div class=\"fusion-aligncenter\"><a class=\"fusion-read-more\" href=\"https:\/\/bikefacil.com\/imprensa\/bike-facil-entre-as-100-empresas-mais-influentes-em-mobilidade-urbana-no-brasil\/\" aria-label=\"More on Bike F\u00e1cil entre as 100 Empresas Mais Influentes em Mobilidade Urbana no Brasil\">Leia mais<\/a><\/div><\/div><\/div><div class=\"fusion-clearfix\"><\/div><\/div>\n<\/article>\n<article id=\"blog-2-post-9622\" class=\"fusion-post-grid post-9622 post type-post status-publish format-standard has-post-thumbnail hentry category-imprensa\">\n<div class=\"fusion-post-wrapper\" style=\"background-color:var(--awb-color3);border:1px solid var(--awb-custom_color_4);border-bottom-width:3px;\">\n\n\t\t\t<div class=\"fusion-flexslider flexslider fusion-flexslider-loading fusion-post-slideshow\" style=\"border-color:var(--awb-custom_color_4);\">\n\t\t<ul class=\"slides\">\n\t\t\t\n\t\t\t\t\t\t\t\t\t\t\t\t\t\t<li><div  class=\"fusion-image-wrapper\" aria-haspopup=\"true\">\n\t\t\t\t\t\t\t<a href=\"https:\/\/bikefacil.com\/imprensa\/finalista-em-premio-do-maior-evento-de-mobilidade-urbana-da-america-latina\/\" aria-label=\"Finalista em pr\u00eamio do maior evento de mobilidade urbana da Am\u00e9rica Latina\">\n\t\t\t\t\t\t\t<img loading=\"lazy\" decoding=\"async\" width=\"1280\" height=\"960\" src=\"https:\/\/bikefacil.com\/wp-content\/uploads\/2025\/08\/img-blog-cover-bkf-12.webp?wsr\" class=\"attachment-full size-full wp-post-image\" alt=\"\" srcset=\"https:\/\/bikefacil.com\/wp-content\/uploads\/2025\/08\/img-blog-cover-bkf-12-200x150.webp 200w, https:\/\/bikefacil.com\/wp-content\/uploads\/2025\/08\/img-blog-cover-bkf-12-300x225.webp 300w, https:\/\/bikefacil.com\/wp-content\/uploads\/2025\/08\/img-blog-cover-bkf-12-400x300.webp 400w, https:\/\/bikefacil.com\/wp-content\/uploads\/2025\/08\/img-blog-cover-bkf-12-600x450.webp 600w, https:\/\/bikefacil.com\/wp-content\/uploads\/2025\/08\/img-blog-cover-bkf-12-768x576.webp 768w, https:\/\/bikefacil.com\/wp-content\/uploads\/2025\/08\/img-blog-cover-bkf-12-800x600.webp 800w, https:\/\/bikefacil.com\/wp-content\/uploads\/2025\/08\/img-blog-cover-bkf-12-1024x768.webp 1024w, https:\/\/bikefacil.com\/wp-content\/uploads\/2025\/08\/img-blog-cover-bkf-12-1200x900.webp 1200w, https:\/\/bikefacil.com\/wp-content\/uploads\/2025\/08\/img-blog-cover-bkf-12.webp?wsr 1280w\" sizes=\"(min-width: 2200px) 100vw, (min-width: 856px) 290px, (min-width: 784px) 387px, (min-width: 712px) 580px, (min-width: 640px) 712px, \" \/>\t\t\t<\/a>\n\t\t\t\t\t\t\t<\/div>\n<\/li>\n\t\t\t\n\t\t\t\n\t\t\t\t\t\t\t\t\t\t\t\t\t\t\t\t\t\t\t\t\t\t\t\t\t\t\t\t\t\t\t\t\t\t\t\t\t\t\t\t\t\t\t\t\t\t\t\t\t\t\t\t\t\t\t\t\t\t\t\t\t\t\t\t\t\t\t\t<\/ul>\n\t<\/div>\n\t<div class=\"fusion-post-content-wrapper\" style=\"padding:40px 30px 20px 30px;\"><div class=\"fusion-post-content post-content\"><h3 class=\"blog-shortcode-post-title entry-title\"><a href=\"https:\/\/bikefacil.com\/imprensa\/finalista-em-premio-do-maior-evento-de-mobilidade-urbana-da-america-latina\/\">Finalista em pr\u00eamio do maior evento de mobilidade urbana da Am\u00e9rica Latina<\/a><\/h3><p class=\"fusion-single-line-meta\"><span class=\"vcard\" style=\"display: none;\"><span class=\"fn\"><a href=\"https:\/\/bikefacil.com\/author\/design\/\" title=\"Posts de Design\" rel=\"author\">Design<\/a><\/span><\/span><span class=\"updated\" style=\"display:none;\">2025-08-22T15:12:29-03:00<\/span><span>15 de agosto de 2025<\/span><span class=\"fusion-inline-sep\">|<\/span><a href=\"https:\/\/bikefacil.com\/categoria\/imprensa\/\" rel=\"category tag\">Imprensa<\/a><span class=\"fusion-inline-sep\">|<\/span><\/p><div class=\"fusion-content-sep sep-single sep-solid\"><\/div><\/div><div class=\"fusion-meta-info\"><div class=\"fusion-aligncenter\"><a class=\"fusion-read-more\" href=\"https:\/\/bikefacil.com\/imprensa\/finalista-em-premio-do-maior-evento-de-mobilidade-urbana-da-america-latina\/\" aria-label=\"More on Finalista em pr\u00eamio do maior evento de mobilidade urbana da Am\u00e9rica Latina\">Leia mais<\/a><\/div><\/div><\/div><div class=\"fusion-clearfix\"><\/div><\/div>\n<\/article>\n<article id=\"blog-2-post-9626\" class=\"fusion-post-grid post-9626 post type-post status-publish format-standard has-post-thumbnail hentry category-imprensa\">\n<div class=\"fusion-post-wrapper\" style=\"background-color:var(--awb-color3);border:1px solid var(--awb-custom_color_4);border-bottom-width:3px;\">\n\n\t\t\t<div class=\"fusion-flexslider flexslider fusion-flexslider-loading fusion-post-slideshow\" style=\"border-color:var(--awb-custom_color_4);\">\n\t\t<ul class=\"slides\">\n\t\t\t\n\t\t\t\t\t\t\t\t\t\t\t\t\t\t<li><div  class=\"fusion-image-wrapper\" aria-haspopup=\"true\">\n\t\t\t\t\t\t\t<a href=\"https:\/\/bikefacil.com\/imprensa\/bike-facil-apoia-o-projeto-nossa-bici-mobilidade-comunitaria-em-acao\/\" aria-label=\"Bike F\u00e1cil apoia o projeto Nossa Bici \u2013 mobilidade comunit\u00e1ria em a\u00e7\u00e3o\">\n\t\t\t\t\t\t\t<img loading=\"lazy\" decoding=\"async\" width=\"1280\" height=\"960\" src=\"https:\/\/bikefacil.com\/wp-content\/uploads\/2025\/08\/img-blog-cover-bkf-14.webp?wsr\" class=\"attachment-full size-full wp-post-image\" alt=\"\" srcset=\"https:\/\/bikefacil.com\/wp-content\/uploads\/2025\/08\/img-blog-cover-bkf-14-200x150.webp 200w, https:\/\/bikefacil.com\/wp-content\/uploads\/2025\/08\/img-blog-cover-bkf-14-300x225.webp 300w, https:\/\/bikefacil.com\/wp-content\/uploads\/2025\/08\/img-blog-cover-bkf-14-400x300.webp 400w, https:\/\/bikefacil.com\/wp-content\/uploads\/2025\/08\/img-blog-cover-bkf-14-600x450.webp 600w, https:\/\/bikefacil.com\/wp-content\/uploads\/2025\/08\/img-blog-cover-bkf-14-768x576.webp 768w, https:\/\/bikefacil.com\/wp-content\/uploads\/2025\/08\/img-blog-cover-bkf-14-800x600.webp 800w, https:\/\/bikefacil.com\/wp-content\/uploads\/2025\/08\/img-blog-cover-bkf-14-1024x768.webp 1024w, https:\/\/bikefacil.com\/wp-content\/uploads\/2025\/08\/img-blog-cover-bkf-14-1200x900.webp 1200w, https:\/\/bikefacil.com\/wp-content\/uploads\/2025\/08\/img-blog-cover-bkf-14.webp?wsr 1280w\" sizes=\"(min-width: 2200px) 100vw, (min-width: 856px) 290px, (min-width: 784px) 387px, (min-width: 712px) 580px, (min-width: 640px) 712px, \" \/>\t\t\t<\/a>\n\t\t\t\t\t\t\t<\/div>\n<\/li>\n\t\t\t\n\t\t\t\n\t\t\t\t\t\t\t\t\t\t\t\t\t\t\t\t\t\t\t\t\t\t\t\t\t\t\t\t\t\t\t\t\t\t\t\t\t\t\t\t\t\t\t\t\t\t\t\t\t\t\t\t\t\t\t\t\t\t\t\t\t\t\t\t\t\t\t\t<\/ul>\n\t<\/div>\n\t<div class=\"fusion-post-content-wrapper\" style=\"padding:40px 30px 20px 30px;\"><div class=\"fusion-post-content post-content\"><h3 class=\"blog-shortcode-post-title entry-title\"><a href=\"https:\/\/bikefacil.com\/imprensa\/bike-facil-apoia-o-projeto-nossa-bici-mobilidade-comunitaria-em-acao\/\">Bike F\u00e1cil apoia o projeto Nossa Bici \u2013 mobilidade comunit\u00e1ria em a\u00e7\u00e3o<\/a><\/h3><p class=\"fusion-single-line-meta\"><span class=\"vcard\" style=\"display: none;\"><span class=\"fn\"><a href=\"https:\/\/bikefacil.com\/author\/design\/\" title=\"Posts de Design\" rel=\"author\">Design<\/a><\/span><\/span><span class=\"updated\" style=\"display:none;\">2025-08-22T15:12:31-03:00<\/span><span>15 de agosto de 2025<\/span><span class=\"fusion-inline-sep\">|<\/span><a href=\"https:\/\/bikefacil.com\/categoria\/imprensa\/\" rel=\"category tag\">Imprensa<\/a><span class=\"fusion-inline-sep\">|<\/span><\/p><div class=\"fusion-content-sep sep-single sep-solid\"><\/div><\/div><div class=\"fusion-meta-info\"><div class=\"fusion-aligncenter\"><a class=\"fusion-read-more\" href=\"https:\/\/bikefacil.com\/imprensa\/bike-facil-apoia-o-projeto-nossa-bici-mobilidade-comunitaria-em-acao\/\" aria-label=\"More on Bike F\u00e1cil apoia o projeto Nossa Bici \u2013 mobilidade comunit\u00e1ria em a\u00e7\u00e3o\">Leia mais<\/a><\/div><\/div><\/div><div class=\"fusion-clearfix\"><\/div><\/div>\n<\/article>\n<div class=\"fusion-clearfix\"><\/div><\/div><\/div><\/div><\/div><\/div><\/div><\/p>\n","protected":false},"excerpt":{"rendered":"","protected":false},"author":7,"featured_media":0,"parent":0,"menu_order":7,"comment_status":"closed","ping_status":"closed","template":"100-width.php","meta":{"_acf_changed":false,"footnotes":""},"class_list":["post-9086","page","type-page","status-publish","hentry"],"acf":[],"_links":{"self":[{"href":"https:\/\/bikefacil.com\/?rest_route=\/wp\/v2\/pages\/9086","targetHints":{"allow":["GET"]}}],"collection":[{"href":"https:\/\/bikefacil.com\/?rest_route=\/wp\/v2\/pages"}],"about":[{"href":"https:\/\/bikefacil.com\/?rest_route=\/wp\/v2\/types\/page"}],"author":[{"embeddable":true,"href":"https:\/\/bikefacil.com\/?rest_route=\/wp\/v2\/users\/7"}],"replies":[{"embeddable":true,"href":"https:\/\/bikefacil.com\/?rest_route=%2Fwp%2Fv2%2Fcomments&post=9086"}],"version-history":[{"count":0,"href":"https:\/\/bikefacil.com\/?rest_route=\/wp\/v2\/pages\/9086\/revisions"}],"wp:attachment":[{"href":"https:\/\/bikefacil.com\/?rest_route=%2Fwp%2Fv2%2Fmedia&parent=9086"}],"curies":[{"name":"wp","href":"https:\/\/api.w.org\/{rel}","templated":true}]}}